{"id":163,"date":"2020-12-08T12:06:10","date_gmt":"2020-12-08T11:06:10","guid":{"rendered":"https:\/\/1u7l92bgaem.preview.infomaniak.website\/?page_id=163"},"modified":"2026-02-17T10:40:36","modified_gmt":"2026-02-17T09:40:36","slug":"collections","status":"publish","type":"page","link":"https:\/\/www.mfta.fr\/en\/collections\/","title":{"rendered":"Our textiles overview"},"content":{"rendered":"<div style=\"height:30px\" aria-hidden=\"true\" class=\"wp-block-spacer\"><\/div>\n\n\n\n<div class=\"wp-block-columns is-layout-flex wp-container-core-columns-is-layout-28f84493 wp-block-columns-is-layout-flex\">\n<div class=\"wp-block-column is-layout-flow wp-block-column-is-layout-flow\" style=\"flex-basis:33.33%\">\n<figure class=\"wp-block-image size-full\" id=\"nos-tissus-img-1\"><img decoding=\"async\" width=\"1181\" height=\"1480\" src=\"https:\/\/www.mfta.fr\/wp-content\/uploads\/2025\/12\/7250_COROLLES_001_MAPPING-4.jpg\" alt=\"\" class=\"wp-image-12220\" srcset=\"https:\/\/www.mfta.fr\/wp-content\/uploads\/2025\/12\/7250_COROLLES_001_MAPPING-4.jpg 1181w, https:\/\/www.mfta.fr\/wp-content\/uploads\/2025\/12\/7250_COROLLES_001_MAPPING-4-479x600.jpg 479w, https:\/\/www.mfta.fr\/wp-content\/uploads\/2025\/12\/7250_COROLLES_001_MAPPING-4-817x1024.jpg 817w, https:\/\/www.mfta.fr\/wp-content\/uploads\/2025\/12\/7250_COROLLES_001_MAPPING-4-768x962.jpg 768w, https:\/\/www.mfta.fr\/wp-content\/uploads\/2025\/12\/7250_COROLLES_001_MAPPING-4-10x12.jpg 10w, https:\/\/www.mfta.fr\/wp-content\/uploads\/2025\/12\/7250_COROLLES_001_MAPPING-4-800x1003.jpg 800w, https:\/\/www.mfta.fr\/wp-content\/uploads\/2025\/12\/7250_COROLLES_001_MAPPING-4-64x80.jpg 64w\" sizes=\"(max-width: 1181px) 100vw, 1181px\" \/><\/figure>\n\n\n\n<figure class=\"wp-block-image size-full hide-true\" id=\"nos-tissus-img-2\"><img decoding=\"async\" width=\"1181\" height=\"1710\" src=\"https:\/\/www.mfta.fr\/wp-content\/uploads\/2025\/12\/5073_TOMATES-CERISES_001_MAPPING-2.jpg\" alt=\"\" class=\"wp-image-12192\" srcset=\"https:\/\/www.mfta.fr\/wp-content\/uploads\/2025\/12\/5073_TOMATES-CERISES_001_MAPPING-2.jpg 1181w, https:\/\/www.mfta.fr\/wp-content\/uploads\/2025\/12\/5073_TOMATES-CERISES_001_MAPPING-2-414x600.jpg 414w, https:\/\/www.mfta.fr\/wp-content\/uploads\/2025\/12\/5073_TOMATES-CERISES_001_MAPPING-2-707x1024.jpg 707w, https:\/\/www.mfta.fr\/wp-content\/uploads\/2025\/12\/5073_TOMATES-CERISES_001_MAPPING-2-768x1112.jpg 768w, https:\/\/www.mfta.fr\/wp-content\/uploads\/2025\/12\/5073_TOMATES-CERISES_001_MAPPING-2-1061x1536.jpg 1061w, https:\/\/www.mfta.fr\/wp-content\/uploads\/2025\/12\/5073_TOMATES-CERISES_001_MAPPING-2-8x12.jpg 8w, https:\/\/www.mfta.fr\/wp-content\/uploads\/2025\/12\/5073_TOMATES-CERISES_001_MAPPING-2-800x1158.jpg 800w, https:\/\/www.mfta.fr\/wp-content\/uploads\/2025\/12\/5073_TOMATES-CERISES_001_MAPPING-2-64x93.jpg 64w\" sizes=\"(max-width: 1181px) 100vw, 1181px\" \/><\/figure>\n\n\n\n<figure class=\"wp-block-image size-large hide-true\" id=\"nos-tissus-img-3\"><img decoding=\"async\" width=\"683\" height=\"1024\" src=\"https:\/\/www.mfta.fr\/wp-content\/uploads\/2024\/01\/mapping-nappe-oliveraie-rayure-nappe-plat-683x1024.jpg\" alt=\"\" class=\"wp-image-10068\" srcset=\"https:\/\/www.mfta.fr\/wp-content\/uploads\/2024\/01\/mapping-nappe-oliveraie-rayure-nappe-plat-683x1024.jpg 683w, https:\/\/www.mfta.fr\/wp-content\/uploads\/2024\/01\/mapping-nappe-oliveraie-rayure-nappe-plat-400x600.jpg 400w, https:\/\/www.mfta.fr\/wp-content\/uploads\/2024\/01\/mapping-nappe-oliveraie-rayure-nappe-plat-768x1152.jpg 768w, https:\/\/www.mfta.fr\/wp-content\/uploads\/2024\/01\/mapping-nappe-oliveraie-rayure-nappe-plat-1024x1536.jpg 1024w, https:\/\/www.mfta.fr\/wp-content\/uploads\/2024\/01\/mapping-nappe-oliveraie-rayure-nappe-plat-1365x2048.jpg 1365w, https:\/\/www.mfta.fr\/wp-content\/uploads\/2024\/01\/mapping-nappe-oliveraie-rayure-nappe-plat-8x12.jpg 8w, https:\/\/www.mfta.fr\/wp-content\/uploads\/2024\/01\/mapping-nappe-oliveraie-rayure-nappe-plat-800x1200.jpg 800w, https:\/\/www.mfta.fr\/wp-content\/uploads\/2024\/01\/mapping-nappe-oliveraie-rayure-nappe-plat-64x96.jpg 64w, https:\/\/www.mfta.fr\/wp-content\/uploads\/2024\/01\/mapping-nappe-oliveraie-rayure-nappe-plat-scaled.jpg 1707w\" sizes=\"(max-width: 683px) 100vw, 683px\" \/><\/figure>\n\n\n\n<figure class=\"wp-block-image size-full hide-true\" id=\"nos-tissus-img-4\"><img decoding=\"async\" width=\"1181\" height=\"1372\" src=\"https:\/\/www.mfta.fr\/wp-content\/uploads\/2025\/12\/7248_SOUVENIRS-DE-KYOTO_001_MAPPING-2.jpg\" alt=\"\" class=\"wp-image-12218\" srcset=\"https:\/\/www.mfta.fr\/wp-content\/uploads\/2025\/12\/7248_SOUVENIRS-DE-KYOTO_001_MAPPING-2.jpg 1181w, https:\/\/www.mfta.fr\/wp-content\/uploads\/2025\/12\/7248_SOUVENIRS-DE-KYOTO_001_MAPPING-2-516x600.jpg 516w, https:\/\/www.mfta.fr\/wp-content\/uploads\/2025\/12\/7248_SOUVENIRS-DE-KYOTO_001_MAPPING-2-881x1024.jpg 881w, https:\/\/www.mfta.fr\/wp-content\/uploads\/2025\/12\/7248_SOUVENIRS-DE-KYOTO_001_MAPPING-2-768x892.jpg 768w, https:\/\/www.mfta.fr\/wp-content\/uploads\/2025\/12\/7248_SOUVENIRS-DE-KYOTO_001_MAPPING-2-10x12.jpg 10w, https:\/\/www.mfta.fr\/wp-content\/uploads\/2025\/12\/7248_SOUVENIRS-DE-KYOTO_001_MAPPING-2-800x929.jpg 800w, https:\/\/www.mfta.fr\/wp-content\/uploads\/2025\/12\/7248_SOUVENIRS-DE-KYOTO_001_MAPPING-2-64x74.jpg 64w\" sizes=\"(max-width: 1181px) 100vw, 1181px\" \/><\/figure>\n<\/div>\n\n\n\n<div class=\"wp-block-column is-layout-flow wp-block-column-is-layout-flow\" style=\"flex-basis:66.66%\">\n<div class=\"wp-block-columns is-layout-flex wp-container-core-columns-is-layout-28f84493 wp-block-columns-is-layout-flex\">\n<div class=\"wp-block-column is-layout-flow wp-block-column-is-layout-flow\">\n<div class=\"wp-block-buttons is-layout-flex wp-block-buttons-is-layout-flex\">\n<div class=\"wp-block-button min100\" id=\"imprime-btn\"><a class=\"wp-block-button__link wp-element-button\" rel=\"\">Printed<\/a><\/div>\n<\/div>\n<\/div>\n\n\n\n<div class=\"wp-block-column is-layout-flow wp-block-column-is-layout-flow\">\n<div class=\"wp-block-buttons is-horizontal is-content-justification-center is-layout-flex wp-container-core-buttons-is-layout-03627597 wp-block-buttons-is-layout-flex\">\n<div class=\"wp-block-button min100\" id=\"jacquard-btn\"><a class=\"wp-block-button__link wp-element-button\">Jacquards<\/a><\/div>\n<\/div>\n<\/div>\n\n\n\n<div class=\"wp-block-column is-layout-flow wp-block-column-is-layout-flow\">\n<div class=\"wp-block-buttons is-horizontal is-content-justification-center is-layout-flex wp-container-core-buttons-is-layout-03627597 wp-block-buttons-is-layout-flex\">\n<div class=\"wp-block-button min100\" id=\"enduits-btn\"><a class=\"wp-block-button__link wp-element-button\">Coated<\/a><\/div>\n<\/div>\n<\/div>\n\n\n\n<div class=\"wp-block-column is-layout-flow wp-block-column-is-layout-flow\">\n<div class=\"wp-block-buttons is-horizontal is-content-justification-center is-layout-flex wp-container-core-buttons-is-layout-03627597 wp-block-buttons-is-layout-flex\">\n<div class=\"wp-block-button min100\" id=\"provencaux-btn\"><a class=\"wp-block-button__link wp-element-button\">Provencal<\/a><\/div>\n<\/div>\n<\/div>\n<\/div>\n\n\n\n<h4 class=\"wp-block-heading no-margin\" id=\"titre-a-modifier-tissus\">Printed<\/h4>\n\n\n\n<p class=\"txt-justify\" id=\"texte-a-modifier-tissus\">Printed fabrics are the core of our expertise and know-how. Each season is animated by a varied line of printed designs on cretonne, bachette, percale, linen and other supports such as velvet. Traditional printed designs, stripes, child motifs, geometrics, or even floral. Numerous references comprise our furnishing fabrics collection.<br>Tip : Our printed cretonnes are ideal for creating small decoration objects like pillows or even masks. You will find many ideas to suggest to your customers by following us in social networks or our News page.<\/p>\n\n\n\n<p><a href=\"https:\/\/www.calameo.com\/read\/008000895d2078a6b6888\">Catalogue Enduits 2026 Mfta<\/a><\/p>\n\n\n\n<p><a href=\"https:\/\/www.calameo.com\/read\/0080008957a12c189f7e0\" data-type=\"link\" data-id=\"https:\/\/www.calameo.com\/read\/0080008957b5ca1b32945\">Catalogue Proven\u00e7aux 2026 Mfta<\/a><\/p>\n\n\n\n<p><a href=\"https:\/\/www.calameo.com\/read\/008000895d20b226ff3d2\" data-type=\"link\" data-id=\"https:\/\/www.calameo.com\/read\/0080008959d834aaed64f\">Catalogue Nouveaut\u00e9s PE 2026 Mfta<\/a><\/p>\n<\/div>\n<\/div>\n\n\n\n<div class=\"wp-block-group alignfull has-background is-layout-flow wp-block-group-is-layout-flow\" style=\"background-color:#efefef\">\n<h2 class=\"wp-block-heading has-text-align-center\">Acc\u00e9dez \u00e0 notre collection<\/h2>\n\n\n\n<p class=\"has-text-align-center pl10 pr10\">Cannot wait to see all our furnishing fabrics ? Log-in to our space reserved for professionals (specialized big surface, small creator or retailer) discover our catalogue, now. Complete our sign-up form and wait until you account is active. For any other questions, feel free to contact us directly.<\/p>\n\n\n\n<div class=\"wp-block-buttons is-horizontal is-content-justification-center is-layout-flex wp-container-core-buttons-is-layout-03627597 wp-block-buttons-is-layout-flex\">\n<div class=\"wp-block-button\"><a class=\"wp-block-button__link has-palette-color-4-background-color has-background wp-element-button\" href=\"https:\/\/1u7l92bgaem.preview.infomaniak.website\/inscription-2\/\">Sign up<\/a><\/div>\n<\/div>\n\n\n\n<svg xmlns=\"http:\/\/www.w3.org\/2000\/svg\" width=\"110%\" height=\"100%\" viewbox=\"0 0 2019.141 266.179\" style=\"min-width:100%; margin-botton: 5px;\">\n  <path id=\"Trac\u00e9_14\" data-name=\"Trac\u00e9 14\" d=\"M1958.848,2181.821s-134.567-101.034,217.747-52.259,872.729,217.311,1191.51,247.36,228.2-107.131,156.778-107.131-126.4,90.909,0,107.131,427.219-47.9,427.219-47.9\" transform=\"translate(-1933.063 -2115.586)\" fill=\"none\" stroke=\"#707070\" stroke-width=\"1\"><\/path>\n<\/svg>\n\n\n\n<p><\/p>\n<\/div>\n\n\n\n<div class=\"wp-block-columns alignwide are-vertically-aligned-center is-layout-flex wp-container-core-columns-is-layout-28f84493 wp-block-columns-is-layout-flex\">\n<div class=\"wp-block-column is-vertically-aligned-center is-layout-flow wp-block-column-is-layout-flow\">\n<h2 class=\"wp-block-heading alignwide has-text-align-center\">Nos tissus Collection Printemps &#8211; Et\u00e9 2026<\/h2>\n\n\n\n<p class=\"has-text-align-center txt-justify\">The universe of home decoration has become a space of infinite liberty. Desire to bring sunlight and joy to our interiors has never been so strong. Discover all the fabrics from this new collection! <\/p>\n\n\n\n<div class=\"wp-block-buttons is-horizontal is-content-justification-center is-layout-flex wp-container-core-buttons-is-layout-03627597 wp-block-buttons-is-layout-flex\">\n<div class=\"wp-block-button\"><a class=\"wp-block-button__link wp-element-button\" href=\"https:\/\/www.mfta.fr\/en\/e-catalogue\/\">Our collection<\/a><\/div>\n<\/div>\n<\/div>\n\n\n\n<div class=\"wp-block-column is-vertically-aligned-center is-layout-flow wp-block-column-is-layout-flow\">\n<figure class=\"wp-block-image aligncenter size-full\"><img decoding=\"async\" width=\"643\" height=\"669\" src=\"https:\/\/www.mfta.fr\/wp-content\/uploads\/2026\/01\/5065_FRAISIER_MAPPING-1.jpg\" alt=\"\" class=\"wp-image-12313\" srcset=\"https:\/\/www.mfta.fr\/wp-content\/uploads\/2026\/01\/5065_FRAISIER_MAPPING-1.jpg 643w, https:\/\/www.mfta.fr\/wp-content\/uploads\/2026\/01\/5065_FRAISIER_MAPPING-1-577x600.jpg 577w, https:\/\/www.mfta.fr\/wp-content\/uploads\/2026\/01\/5065_FRAISIER_MAPPING-1-12x12.jpg 12w, https:\/\/www.mfta.fr\/wp-content\/uploads\/2026\/01\/5065_FRAISIER_MAPPING-1-64x67.jpg 64w\" sizes=\"(max-width: 643px) 100vw, 643px\" \/><\/figure>\n<\/div>\n<\/div>\n\n\n\n<h2 class=\"wp-block-heading has-text-align-center\">Our fabrics are certified OEKO TEX<\/h2>\n\n\n\n<div class=\"wp-block-columns is-layout-flex wp-container-core-columns-is-layout-28f84493 wp-block-columns-is-layout-flex\">\n<div class=\"wp-block-column is-vertically-aligned-center is-layout-flow wp-block-column-is-layout-flow\">\n<figure class=\"wp-block-image aligncenter size-full\"><img decoding=\"async\" width=\"2560\" height=\"1707\" src=\"https:\/\/www.mfta.fr\/wp-content\/uploads\/2025\/12\/7251_AMAZONIA_001_MAPPING-1-scaled.jpg\" alt=\"\" class=\"wp-image-12221\" srcset=\"https:\/\/www.mfta.fr\/wp-content\/uploads\/2025\/12\/7251_AMAZONIA_001_MAPPING-1-scaled.jpg 2560w, https:\/\/www.mfta.fr\/wp-content\/uploads\/2025\/12\/7251_AMAZONIA_001_MAPPING-1-600x400.jpg 600w, https:\/\/www.mfta.fr\/wp-content\/uploads\/2025\/12\/7251_AMAZONIA_001_MAPPING-1-1024x683.jpg 1024w, https:\/\/www.mfta.fr\/wp-content\/uploads\/2025\/12\/7251_AMAZONIA_001_MAPPING-1-768x512.jpg 768w, https:\/\/www.mfta.fr\/wp-content\/uploads\/2025\/12\/7251_AMAZONIA_001_MAPPING-1-1536x1024.jpg 1536w, https:\/\/www.mfta.fr\/wp-content\/uploads\/2025\/12\/7251_AMAZONIA_001_MAPPING-1-2048x1365.jpg 2048w, https:\/\/www.mfta.fr\/wp-content\/uploads\/2025\/12\/7251_AMAZONIA_001_MAPPING-1-18x12.jpg 18w, https:\/\/www.mfta.fr\/wp-content\/uploads\/2025\/12\/7251_AMAZONIA_001_MAPPING-1-800x533.jpg 800w, https:\/\/www.mfta.fr\/wp-content\/uploads\/2025\/12\/7251_AMAZONIA_001_MAPPING-1-64x43.jpg 64w\" sizes=\"(max-width: 2560px) 100vw, 2560px\" \/><\/figure>\n<\/div>\n\n\n\n<div class=\"wp-block-column is-vertically-aligned-center is-layout-flow wp-block-column-is-layout-flow\">\n<p class=\"txt-justify\">Le proc\u00e9d\u00e9 OEKO-TEX \u00ae permet de s\u2019assurer que les textiles ne contiennent pas de substances controvers\u00e9es \u00e0 chaque \u00e9tape de la cr\u00e9ation d\u2019un produit textile. Le Standard 100 OEKO-TEX \u00ae est une certification qui s&#8217;applique \u00e0 tous les produits textiles (bruts, semi-finis et finis). Lorsqu\u2019un de nos tissus est certifi\u00e9 par Le Standard 100 OEKO-TEX \u00ae nous vous en informons et le prouvons gr\u00e2ce au certificat. T\u00e9l\u00e9chargez notre certificat :&nbsp;<a href=\"https:\/\/www.mfta.fr\/wp-content\/uploads\/2025\/07\/2025_-OEKOTEX-MFTA.pdf\">https:\/\/www.mfta.fr\/wp-content\/uploads\/2025\/07\/2025_-OEKOTEX-MFTA.pdf<\/a><\/p>\n\n\n\n<div class=\"wp-block-buttons is-horizontal is-content-justification-center is-layout-flex wp-container-core-buttons-is-layout-03627597 wp-block-buttons-is-layout-flex\">\n<div class=\"wp-block-button\"><a class=\"wp-block-button__link wp-element-button\" href=\"https:\/\/fr.wikipedia.org\/wiki\/Oeko-Tex\">Learn more<\/a><\/div>\n<\/div>\n<\/div>\n<\/div>\n\n\n\n<div style=\"height:50px\" aria-hidden=\"true\" class=\"wp-block-spacer\"><\/div>\n\n\n\n<div class=\"wp-block-columns is-layout-flex wp-container-core-columns-is-layout-28f84493 wp-block-columns-is-layout-flex\">\n<div class=\"wp-block-column is-layout-flow wp-block-column-is-layout-flow\"><\/div>\n<\/div>\n\n\n\n<p><\/p>","protected":false},"excerpt":{"rendered":"<p>Les imprim\u00e9s Les imprim\u00e9s font parti du c\u0153ur de notre savoir-faire. Chaque saison est anim\u00e9e d\u2019une gamme vari\u00e9e de dessins imprim\u00e9s sur cretonne, bachette, percale, lin ou sur des mati\u00e8res plus sp\u00e9cifiques comme le velours. Imprim\u00e9s traditionnels, \u00e0 rayures, \u00e0 motifs enfantins, g\u00e9om\u00e9triques ou encore floraux, une multitude de r\u00e9f\u00e9rences constitue notre collection de tissus [&hellip;]<\/p>\n","protected":false},"author":1,"featured_media":0,"parent":0,"menu_order":0,"comment_status":"closed","ping_status":"closed","template":"","meta":{"_acf_changed":false,"footnotes":""},"class_list":["post-163","page","type-page","status-publish","hentry"],"blocksy_meta":{"styles_descriptor":{"styles":{"desktop":"","tablet":"","mobile":""},"google_fonts":[],"version":6}},"acf":[],"_links":{"self":[{"href":"https:\/\/www.mfta.fr\/en\/wp-json\/wp\/v2\/pages\/163","targetHints":{"allow":["GET"]}}],"collection":[{"href":"https:\/\/www.mfta.fr\/en\/wp-json\/wp\/v2\/pages"}],"about":[{"href":"https:\/\/www.mfta.fr\/en\/wp-json\/wp\/v2\/types\/page"}],"author":[{"embeddable":true,"href":"https:\/\/www.mfta.fr\/en\/wp-json\/wp\/v2\/users\/1"}],"replies":[{"embeddable":true,"href":"https:\/\/www.mfta.fr\/en\/wp-json\/wp\/v2\/comments?post=163"}],"version-history":[{"count":23,"href":"https:\/\/www.mfta.fr\/en\/wp-json\/wp\/v2\/pages\/163\/revisions"}],"predecessor-version":[{"id":12443,"href":"https:\/\/www.mfta.fr\/en\/wp-json\/wp\/v2\/pages\/163\/revisions\/12443"}],"wp:attachment":[{"href":"https:\/\/www.mfta.fr\/en\/wp-json\/wp\/v2\/media?parent=163"}],"curies":[{"name":"wp","href":"https:\/\/api.w.org\/{rel}","templated":true}]}}